{"id":4759,"date":"2026-04-01T17:31:16","date_gmt":"2026-04-01T15:31:16","guid":{"rendered":"https:\/\/nestvilleopenfest.sk\/program\/kapela-juzny-vietor\/"},"modified":"2026-04-28T22:09:10","modified_gmt":"2026-04-28T20:09:10","slug":"kapela-juzny-vietor","status":"publish","type":"program","link":"https:\/\/nestvilleopenfest.sk\/pl\/program\/kapela-juzny-vietor\/","title":{"rendered":"Kapela Ju\u017en\u00fd Vietor"},"content":{"rendered":"\n<p>Do\u015bwiadczony zesp\u00f3\u0142 country ze S\u0142owacji, kt\u00f3rego korzenie si\u0119gaj\u0105 lat 80., a kt\u00f3ry przez lata ewoluowa\u0142 do swojej obecnej formy. D\u0142ugoletnia ci\u0105g\u0142o\u015b\u0107 i stabilny sk\u0142ad znajduj\u0105 odzwierciedlenie w ich dojrza\u0142ym brzmieniu i autentycznym podej\u015bciu do muzyki. Ju\u017en\u00fd vietor to zesp\u00f3\u0142, kt\u00f3ry stawia na kontakt z publiczno\u015bci\u0105 \u2013 ich koncerty s\u0105 pe\u0142ne dobrej energii, rytmu i swobodnej atmosfery. Dla naszych go\u015bci nie s\u0105 nowo\u015bci\u0105 \u2013 wielokrotnie wyst\u0119powali ju\u017c na naszych festiwalach, za ka\u017cdym razem tworz\u0105c przyjemn\u0105 i zapadaj\u0105c\u0105 w pami\u0119\u0107 atmosfer\u0119.    <\/p>\n","protected":false},"excerpt":{"rendered":"<p>Zesp\u00f3\u0142, kt\u00f3ry niesie ze sob\u0105 wieloletni\u0105 tradycj\u0119 i zamienia j\u0105 w energetyczne do\u015bwiadczenie koncertowe. Ju\u017en\u00fd vietor nale\u017cy do sta\u0142ych punkt\u00f3w s\u0142owackiej sceny country, a ich muzyka opiera si\u0119 na autentycznym brzmieniu, mocnych melodiach i naturalnej rado\u015bci z grania. <\/p>\n<p>Ich wyst\u0119py s\u0105 swobodne, a jednocze\u015bnie pe\u0142ne dynamiki \u2013 od moment\u00f3w, przy kt\u00f3rych tylko lekko przytupujesz, po te, w kt\u00f3rych do\u0142\u0105cza ca\u0142y parkiet. Dzi\u0119ki do\u015bwiadczeniu i kontaktowi z publiczno\u015bci\u0105 tworz\u0105 atmosfer\u0119, kt\u00f3ra jest przyjemna, autentyczna i od razu wci\u0105ga ka\u017cdego s\u0142uchacza. <\/p>\n","protected":false},"featured_media":4645,"parent":0,"menu_order":0,"template":"","format":"standard","meta":{"_acf_changed":false,"footnotes":""},"den":[54],"rocnik":[97],"druh-programu":[100],"class_list":["post-4759","program","type-program","status-publish","format-standard","has-post-thumbnail","hentry","den-sobota-pl","rocnik-97","druh-programu-country-stage"],"acf":[],"yoast_head":"<!-- This site is optimized with the Yoast SEO plugin v27.4 - https:\/\/yoast.com\/product\/yoast-seo-wordpress\/ -->\n<title>Kapela Ju\u017en\u00fd Vietor | Nestville Open Fest<\/title>\n<meta name=\"robots\" content=\"index, follow, max-snippet:-1, max-image-preview:large, max-video-preview:-1\" \/>\n<link rel=\"canonical\" href=\"https:\/\/nestvilleopenfest.sk\/pl\/program\/kapela-juzny-vietor\/\" \/>\n<meta property=\"og:locale\" content=\"pl_PL\" \/>\n<meta property=\"og:type\" content=\"article\" \/>\n<meta property=\"og:title\" content=\"Kapela Ju\u017en\u00fd Vietor | Nestville Open Fest\" \/>\n<meta property=\"og:description\" content=\"Zesp\u00f3\u0142, kt\u00f3ry niesie ze sob\u0105 wieloletni\u0105 tradycj\u0119 i zamienia j\u0105 w energetyczne do\u015bwiadczenie koncertowe. Ju\u017en\u00fd vietor nale\u017cy do sta\u0142ych punkt\u00f3w s\u0142owackiej sceny country, a ich muzyka opiera si\u0119 na autentycznym brzmieniu, mocnych melodiach i naturalnej rado\u015bci z grania.  Ich wyst\u0119py s\u0105 swobodne, a jednocze\u015bnie pe\u0142ne dynamiki \u2013 od moment\u00f3w, przy kt\u00f3rych tylko lekko przytupujesz, po te, w kt\u00f3rych do\u0142\u0105cza ca\u0142y parkiet. Dzi\u0119ki do\u015bwiadczeniu i kontaktowi z publiczno\u015bci\u0105 tworz\u0105 atmosfer\u0119, kt\u00f3ra jest przyjemna, autentyczna i od razu wci\u0105ga ka\u017cdego s\u0142uchacza.\" \/>\n<meta property=\"og:url\" content=\"https:\/\/nestvilleopenfest.sk\/pl\/program\/kapela-juzny-vietor\/\" \/>\n<meta property=\"og:site_name\" content=\"Nestville Open Fest\" \/>\n<meta property=\"article:modified_time\" content=\"2026-04-28T20:09:10+00:00\" \/>\n<meta property=\"og:image\" content=\"https:\/\/nestvilleopenfest.sk\/wp-content\/uploads\/2026\/04\/juznyvietor.jpeg\" \/>\n\t<meta property=\"og:image:width\" content=\"300\" \/>\n\t<meta property=\"og:image:height\" content=\"168\" \/>\n\t<meta property=\"og:image:type\" content=\"image\/jpeg\" \/>\n<meta name=\"twitter:card\" content=\"summary_large_image\" \/>\n<script type=\"application\/ld+json\" class=\"yoast-schema-graph\">{\"@context\":\"https:\\\/\\\/schema.org\",\"@graph\":[{\"@type\":\"WebPage\",\"@id\":\"https:\\\/\\\/nestvilleopenfest.sk\\\/pl\\\/program\\\/kapela-juzny-vietor\\\/\",\"url\":\"https:\\\/\\\/nestvilleopenfest.sk\\\/pl\\\/program\\\/kapela-juzny-vietor\\\/\",\"name\":\"Kapela Ju\u017en\u00fd Vietor | Nestville Open Fest\",\"isPartOf\":{\"@id\":\"https:\\\/\\\/nestvilleopenfest.sk\\\/pl\\\/#website\"},\"primaryImageOfPage\":{\"@id\":\"https:\\\/\\\/nestvilleopenfest.sk\\\/pl\\\/program\\\/kapela-juzny-vietor\\\/#primaryimage\"},\"image\":{\"@id\":\"https:\\\/\\\/nestvilleopenfest.sk\\\/pl\\\/program\\\/kapela-juzny-vietor\\\/#primaryimage\"},\"thumbnailUrl\":\"https:\\\/\\\/nestvilleopenfest.sk\\\/wp-content\\\/uploads\\\/2026\\\/04\\\/juznyvietor.jpeg\",\"datePublished\":\"2026-04-01T15:31:16+00:00\",\"dateModified\":\"2026-04-28T20:09:10+00:00\",\"breadcrumb\":{\"@id\":\"https:\\\/\\\/nestvilleopenfest.sk\\\/pl\\\/program\\\/kapela-juzny-vietor\\\/#breadcrumb\"},\"inLanguage\":\"pl-PL\",\"potentialAction\":[{\"@type\":\"ReadAction\",\"target\":[\"https:\\\/\\\/nestvilleopenfest.sk\\\/pl\\\/program\\\/kapela-juzny-vietor\\\/\"]}]},{\"@type\":\"ImageObject\",\"inLanguage\":\"pl-PL\",\"@id\":\"https:\\\/\\\/nestvilleopenfest.sk\\\/pl\\\/program\\\/kapela-juzny-vietor\\\/#primaryimage\",\"url\":\"https:\\\/\\\/nestvilleopenfest.sk\\\/wp-content\\\/uploads\\\/2026\\\/04\\\/juznyvietor.jpeg\",\"contentUrl\":\"https:\\\/\\\/nestvilleopenfest.sk\\\/wp-content\\\/uploads\\\/2026\\\/04\\\/juznyvietor.jpeg\",\"width\":300,\"height\":168},{\"@type\":\"BreadcrumbList\",\"@id\":\"https:\\\/\\\/nestvilleopenfest.sk\\\/pl\\\/program\\\/kapela-juzny-vietor\\\/#breadcrumb\",\"itemListElement\":[{\"@type\":\"ListItem\",\"position\":1,\"name\":\"Domovsk\u00e1 str\u00e1nka\",\"item\":\"https:\\\/\\\/nestvilleopenfest.sk\\\/pl\\\/\"},{\"@type\":\"ListItem\",\"position\":2,\"name\":\"Country Stage\",\"item\":\"https:\\\/\\\/nestvilleopenfest.sk\\\/pl\\\/drugi-programu\\\/country-stage\\\/\"},{\"@type\":\"ListItem\",\"position\":3,\"name\":\"Kapela Ju\u017en\u00fd Vietor\"}]},{\"@type\":\"WebSite\",\"@id\":\"https:\\\/\\\/nestvilleopenfest.sk\\\/pl\\\/#website\",\"url\":\"https:\\\/\\\/nestvilleopenfest.sk\\\/pl\\\/\",\"name\":\"Nestville Open Fest\",\"description\":\"Za\u017eite ohniv\u00fd v\u00edkend s Nestville\",\"publisher\":{\"@id\":\"https:\\\/\\\/nestvilleopenfest.sk\\\/pl\\\/#organization\"},\"alternateName\":\"NOF\",\"potentialAction\":[{\"@type\":\"SearchAction\",\"target\":{\"@type\":\"EntryPoint\",\"urlTemplate\":\"https:\\\/\\\/nestvilleopenfest.sk\\\/pl\\\/?s={search_term_string}\"},\"query-input\":{\"@type\":\"PropertyValueSpecification\",\"valueRequired\":true,\"valueName\":\"search_term_string\"}}],\"inLanguage\":\"pl-PL\"},{\"@type\":\"Organization\",\"@id\":\"https:\\\/\\\/nestvilleopenfest.sk\\\/pl\\\/#organization\",\"name\":\"Nestville Open Fest\",\"alternateName\":\"NOF\",\"url\":\"https:\\\/\\\/nestvilleopenfest.sk\\\/pl\\\/\",\"logo\":{\"@type\":\"ImageObject\",\"inLanguage\":\"pl-PL\",\"@id\":\"https:\\\/\\\/nestvilleopenfest.sk\\\/pl\\\/#\\\/schema\\\/logo\\\/image\\\/\",\"url\":\"https:\\\/\\\/nestvilleopenfest.sk\\\/wp-content\\\/uploads\\\/2025\\\/02\\\/cropped-logo-1.png\",\"contentUrl\":\"https:\\\/\\\/nestvilleopenfest.sk\\\/wp-content\\\/uploads\\\/2025\\\/02\\\/cropped-logo-1.png\",\"width\":1650,\"height\":327,\"caption\":\"Nestville Open Fest\"},\"image\":{\"@id\":\"https:\\\/\\\/nestvilleopenfest.sk\\\/pl\\\/#\\\/schema\\\/logo\\\/image\\\/\"}}]}<\/script>\n<!-- \/ Yoast SEO plugin. -->","yoast_head_json":{"title":"Kapela Ju\u017en\u00fd Vietor | Nestville Open Fest","robots":{"index":"index","follow":"follow","max-snippet":"max-snippet:-1","max-image-preview":"max-image-preview:large","max-video-preview":"max-video-preview:-1"},"canonical":"https:\/\/nestvilleopenfest.sk\/pl\/program\/kapela-juzny-vietor\/","og_locale":"pl_PL","og_type":"article","og_title":"Kapela Ju\u017en\u00fd Vietor | Nestville Open Fest","og_description":"Zesp\u00f3\u0142, kt\u00f3ry niesie ze sob\u0105 wieloletni\u0105 tradycj\u0119 i zamienia j\u0105 w energetyczne do\u015bwiadczenie koncertowe. Ju\u017en\u00fd vietor nale\u017cy do sta\u0142ych punkt\u00f3w s\u0142owackiej sceny country, a ich muzyka opiera si\u0119 na autentycznym brzmieniu, mocnych melodiach i naturalnej rado\u015bci z grania.  Ich wyst\u0119py s\u0105 swobodne, a jednocze\u015bnie pe\u0142ne dynamiki \u2013 od moment\u00f3w, przy kt\u00f3rych tylko lekko przytupujesz, po te, w kt\u00f3rych do\u0142\u0105cza ca\u0142y parkiet. Dzi\u0119ki do\u015bwiadczeniu i kontaktowi z publiczno\u015bci\u0105 tworz\u0105 atmosfer\u0119, kt\u00f3ra jest przyjemna, autentyczna i od razu wci\u0105ga ka\u017cdego s\u0142uchacza.","og_url":"https:\/\/nestvilleopenfest.sk\/pl\/program\/kapela-juzny-vietor\/","og_site_name":"Nestville Open Fest","article_modified_time":"2026-04-28T20:09:10+00:00","og_image":[{"width":300,"height":168,"url":"https:\/\/nestvilleopenfest.sk\/wp-content\/uploads\/2026\/04\/juznyvietor.jpeg","type":"image\/jpeg"}],"twitter_card":"summary_large_image","schema":{"@context":"https:\/\/schema.org","@graph":[{"@type":"WebPage","@id":"https:\/\/nestvilleopenfest.sk\/pl\/program\/kapela-juzny-vietor\/","url":"https:\/\/nestvilleopenfest.sk\/pl\/program\/kapela-juzny-vietor\/","name":"Kapela Ju\u017en\u00fd Vietor | Nestville Open Fest","isPartOf":{"@id":"https:\/\/nestvilleopenfest.sk\/pl\/#website"},"primaryImageOfPage":{"@id":"https:\/\/nestvilleopenfest.sk\/pl\/program\/kapela-juzny-vietor\/#primaryimage"},"image":{"@id":"https:\/\/nestvilleopenfest.sk\/pl\/program\/kapela-juzny-vietor\/#primaryimage"},"thumbnailUrl":"https:\/\/nestvilleopenfest.sk\/wp-content\/uploads\/2026\/04\/juznyvietor.jpeg","datePublished":"2026-04-01T15:31:16+00:00","dateModified":"2026-04-28T20:09:10+00:00","breadcrumb":{"@id":"https:\/\/nestvilleopenfest.sk\/pl\/program\/kapela-juzny-vietor\/#breadcrumb"},"inLanguage":"pl-PL","potentialAction":[{"@type":"ReadAction","target":["https:\/\/nestvilleopenfest.sk\/pl\/program\/kapela-juzny-vietor\/"]}]},{"@type":"ImageObject","inLanguage":"pl-PL","@id":"https:\/\/nestvilleopenfest.sk\/pl\/program\/kapela-juzny-vietor\/#primaryimage","url":"https:\/\/nestvilleopenfest.sk\/wp-content\/uploads\/2026\/04\/juznyvietor.jpeg","contentUrl":"https:\/\/nestvilleopenfest.sk\/wp-content\/uploads\/2026\/04\/juznyvietor.jpeg","width":300,"height":168},{"@type":"BreadcrumbList","@id":"https:\/\/nestvilleopenfest.sk\/pl\/program\/kapela-juzny-vietor\/#breadcrumb","itemListElement":[{"@type":"ListItem","position":1,"name":"Domovsk\u00e1 str\u00e1nka","item":"https:\/\/nestvilleopenfest.sk\/pl\/"},{"@type":"ListItem","position":2,"name":"Country Stage","item":"https:\/\/nestvilleopenfest.sk\/pl\/drugi-programu\/country-stage\/"},{"@type":"ListItem","position":3,"name":"Kapela Ju\u017en\u00fd Vietor"}]},{"@type":"WebSite","@id":"https:\/\/nestvilleopenfest.sk\/pl\/#website","url":"https:\/\/nestvilleopenfest.sk\/pl\/","name":"Nestville Open Fest","description":"Za\u017eite ohniv\u00fd v\u00edkend s Nestville","publisher":{"@id":"https:\/\/nestvilleopenfest.sk\/pl\/#organization"},"alternateName":"NOF","potentialAction":[{"@type":"SearchAction","target":{"@type":"EntryPoint","urlTemplate":"https:\/\/nestvilleopenfest.sk\/pl\/?s={search_term_string}"},"query-input":{"@type":"PropertyValueSpecification","valueRequired":true,"valueName":"search_term_string"}}],"inLanguage":"pl-PL"},{"@type":"Organization","@id":"https:\/\/nestvilleopenfest.sk\/pl\/#organization","name":"Nestville Open Fest","alternateName":"NOF","url":"https:\/\/nestvilleopenfest.sk\/pl\/","logo":{"@type":"ImageObject","inLanguage":"pl-PL","@id":"https:\/\/nestvilleopenfest.sk\/pl\/#\/schema\/logo\/image\/","url":"https:\/\/nestvilleopenfest.sk\/wp-content\/uploads\/2025\/02\/cropped-logo-1.png","contentUrl":"https:\/\/nestvilleopenfest.sk\/wp-content\/uploads\/2025\/02\/cropped-logo-1.png","width":1650,"height":327,"caption":"Nestville Open Fest"},"image":{"@id":"https:\/\/nestvilleopenfest.sk\/pl\/#\/schema\/logo\/image\/"}}]}},"_links":{"self":[{"href":"https:\/\/nestvilleopenfest.sk\/pl\/wp-json\/wp\/v2\/program\/4759","targetHints":{"allow":["GET"]}}],"collection":[{"href":"https:\/\/nestvilleopenfest.sk\/pl\/wp-json\/wp\/v2\/program"}],"about":[{"href":"https:\/\/nestvilleopenfest.sk\/pl\/wp-json\/wp\/v2\/types\/program"}],"version-history":[{"count":1,"href":"https:\/\/nestvilleopenfest.sk\/pl\/wp-json\/wp\/v2\/program\/4759\/revisions"}],"predecessor-version":[{"id":4760,"href":"https:\/\/nestvilleopenfest.sk\/pl\/wp-json\/wp\/v2\/program\/4759\/revisions\/4760"}],"wp:featuredmedia":[{"embeddable":true,"href":"https:\/\/nestvilleopenfest.sk\/pl\/wp-json\/wp\/v2\/media\/4645"}],"wp:attachment":[{"href":"https:\/\/nestvilleopenfest.sk\/pl\/wp-json\/wp\/v2\/media?parent=4759"}],"wp:term":[{"taxonomy":"den","embeddable":true,"href":"https:\/\/nestvilleopenfest.sk\/pl\/wp-json\/wp\/v2\/den?post=4759"},{"taxonomy":"rocnik","embeddable":true,"href":"https:\/\/nestvilleopenfest.sk\/pl\/wp-json\/wp\/v2\/rocnik?post=4759"},{"taxonomy":"druh-programu","embeddable":true,"href":"https:\/\/nestvilleopenfest.sk\/pl\/wp-json\/wp\/v2\/druh-programu?post=4759"}],"curies":[{"name":"wp","href":"https:\/\/api.w.org\/{rel}","templated":true}]}}